{"id":320,"date":"2016-10-06T16:20:13","date_gmt":"2016-10-06T16:20:13","guid":{"rendered":"http:\/\/plethorathemes.com\/healthflex\/dentist\/?page_id=320"},"modified":"2026-02-02T12:41:14","modified_gmt":"2026-02-02T10:41:14","slug":"home","status":"publish","type":"page","link":"https:\/\/cabinet-dentaireriviera.ch\/","title":{"rendered":"Home"},"content":{"rendered":"<div class=\"wpb-content-wrapper\"><p>[vc_row color_set=\u00a0\u00bbdark_section\u00a0\u00bb full_width=\u00a0\u00bb0&Prime; full_height=\u00a0\u00bb0&Prime; cols_valign=\u00a0\u00bbvcenter\u00a0\u00bb particles=\u00a0\u00bb0&Prime; css=\u00a0\u00bb.vc_custom_1599934552917{padding-bottom: 260px !important;background-image: url(http:\/\/www.cabinet-dentaireriviera.ch\/wp-content\/uploads\/2019\/09\/DSCF4973.jpg?id=970) !important;}\u00a0\u00bb][vc_column]<div class=\"section_header subtitle_bottom   fancy text-center\">\n\n    <h2><\/h2>\n\n\n        <p ><\/p>\n<\/div>[\/vc_column][\/vc_row][vc_row color_set=\u00a0\u00bbdark_section\u00a0\u00bb full_width=\u00a0\u00bb0&Prime; full_height=\u00a0\u00bb0&Prime; row_padding=\u00a0\u00bbno_padding\u00a0\u00bb cols_padding=\u00a0\u00bbno_cols_padding\u00a0\u00bb background=\u00a0\u00bbtransparent\u00a0\u00bb el_class=\u00a0\u00bbdisabled_folded_section\u00a0\u00bb css=\u00a0\u00bb.vc_custom_1569857671524{background-color: #091525 !important;}\u00a0\u00bb el_id=\u00a0\u00bbpush_me_to_consume\u00a0\u00bb][vc_column width=\u00a0\u00bb1\/5&Prime; color_set=\u00a0\u00bbskincolored_section\u00a0\u00bb background=\u00a0\u00bbtransparent\u00a0\u00bb offset=\u00a0\u00bbvc_col-xs-12&Prime; css=\u00a0\u00bb.vc_custom_1557392105922{background-color: #091525 !important;}\u00a0\u00bb el_id=\u00a0\u00bblaser\u00a0\u00bb]<!-- ========================== TEASER BOX ==========================-->\n<div class=\"teaser_box wpb_content_element text-center image_hover transparent boxed same_height_col    \">\n\n  <div class=\"figure transparent\">\n\n\n      <a href=\"http:\/\/cabinet-dentaireriviera.ch\/index.php\/nos-soins\/#laser\" debug title=\"\" target=\"\"> \n\n        \n        \n        \n         <img decoding=\"async\" src=\"https:\/\/cabinet-dentaireriviera.ch\/wp-content\/uploads\/2016\/10\/laser-e1500668369699.jpg\" alt=\"Soins au Laser\">   \n\n        \n\n    <\/a>\n\n  <\/div>\n\n\n\n  <div class=\"content text-center  \">\n    \n    <div class=\"hgroup\">\n       <h4 class=\"neutralize_links\">\n       Soins au Laser\n       <\/h4>\n       <p>Soins non-invasifs, blanchiment, bio stimulation<\/p> \n    <\/div>\n\n    \n\n\n  <\/div>\n\n<\/div>\n\n<!-- END======================= TEASER BOX ==========================-->[\/vc_column][vc_column width=\u00a0\u00bb1\/5&Prime;]<!-- ========================== TEASER BOX ==========================-->\n<div class=\"teaser_box wpb_content_element text-center image_hover transparent boxed same_height_col    \">\n\n  <div class=\"figure transparent\">\n\n\n      <a href=\"http:\/\/cabinet-dentaireriviera.ch\/index.php\/nos-soins\/#parodontologie\" debug title=\"\" target=\"\"> \n\n        \n        \n        \n         <img decoding=\"async\" src=\"https:\/\/cabinet-dentaireriviera.ch\/wp-content\/uploads\/2016\/10\/dentologie-e1500668314259.png\" alt=\"Parodontologie\">   \n\n        \n\n    <\/a>\n\n  <\/div>\n\n\n\n  <div class=\"content text-center  \">\n    \n    <div class=\"hgroup\">\n       <h4 class=\"neutralize_links\">\n       Parodontologie\n       <\/h4>\n       <p>Gingivite, maladies parodontales , parodontite<\/p> \n    <\/div>\n\n    \n\n\n  <\/div>\n\n<\/div>\n\n<!-- END======================= TEASER BOX ==========================-->[\/vc_column][vc_column width=\u00a0\u00bb1\/5&Prime;]<!-- ========================== TEASER BOX ==========================-->\n<div class=\"teaser_box wpb_content_element text-center image_hover transparent boxed same_height_col    \">\n\n  <div class=\"figure transparent\">\n\n\n      <a href=\"http:\/\/cabinet-dentaireriviera.ch\/index.php\/nos-soins\/#implants\" debug title=\"\" target=\"\"> \n\n        \n        \n        \n         <img decoding=\"async\" src=\"https:\/\/cabinet-dentaireriviera.ch\/wp-content\/uploads\/2016\/10\/implants-e1500668223391.jpg\" alt=\"Implants dentaires\">   \n\n        \n\n    <\/a>\n\n  <\/div>\n\n\n\n  <div class=\"content text-center  \">\n    \n    <div class=\"hgroup\">\n       <h4 class=\"neutralize_links\">\n       Implants dentaires\n       <\/h4>\n       <p>Dents absentes, couronnes, ponts<\/p> \n    <\/div>\n\n    \n\n\n  <\/div>\n\n<\/div>\n\n<!-- END======================= TEASER BOX ==========================-->[\/vc_column][vc_column width=\u00a0\u00bb1\/5&Prime;]<!-- ========================== TEASER BOX ==========================-->\n<div class=\"teaser_box wpb_content_element text-center image_hover transparent boxed same_height_col    \">\n\n  <div class=\"figure transparent\">\n\n\n      <a href=\"http:\/\/cabinet-dentaireriviera.ch\/index.php\/nos-soins\/#platelet\" debug title=\"\" target=\"\"> \n\n        \n        \n        \n         <img decoding=\"async\" src=\"https:\/\/cabinet-dentaireriviera.ch\/wp-content\/uploads\/2019\/09\/icone-dentplus.jpg\" alt=\"EMPREINTE OPTIQUE\">   \n\n        \n\n    <\/a>\n\n  <\/div>\n\n\n\n  <div class=\"content text-center  \">\n    \n    <div class=\"hgroup\">\n       <h4 class=\"neutralize_links\">\n       EMPREINTE OPTIQUE\n       <\/h4>\n       <p>Supprime toute p\u00e2te, empreinte confortable et de tr\u00e8s haute pr\u00e9cision<\/p> \n    <\/div>\n\n    \n\n\n  <\/div>\n\n<\/div>\n\n<!-- END======================= TEASER BOX ==========================-->[\/vc_column][vc_column width=\u00a0\u00bb1\/5&Prime;]<!-- ========================== TEASER BOX ==========================-->\n<div class=\"teaser_box wpb_content_element text-center image_hover transparent boxed same_height_col    \">\n\n  <div class=\"figure transparent\">\n\n\n      <a href=\"http:\/\/cabinet-dentaireriviera.ch\/index.php\/economisez-150fcs\/\" debug title=\"\u00c9conomisez 150Fcs\" target=\"\"> \n\n        \n        \n        \n         <img decoding=\"async\" src=\"https:\/\/cabinet-dentaireriviera.ch\/wp-content\/uploads\/2019\/05\/devis.jpg\" alt=\"Economisez 150 Francs\">   \n\n        \n\n    <\/a>\n\n  <\/div>\n\n\n\n  <div class=\"content text-center  \">\n    \n    <div class=\"hgroup\">\n       <h4 class=\"neutralize_links\">\n       Economisez 150 Francs\n       <\/h4>\n       <p>Tentez votre chance pour le Prochain tirage le 30 Juin 2026 !<\/p> \n    <\/div>\n\n    \n\n\n  <\/div>\n\n<\/div>\n\n<!-- END======================= TEASER BOX ==========================-->[\/vc_column][\/vc_row][vc_row full_width=\u00a0\u00bb0&Prime; full_height=\u00a0\u00bb0&Prime; row_padding=\u00a0\u00bbno_padding\u00a0\u00bb particles=\u00a0\u00bb0&Prime;][vc_column width=\u00a0\u00bb2\/3&Prime; heading_align=\u00a0\u00bbtext-center\u00a0\u00bb align=\u00a0\u00bbtext-left\u00a0\u00bb margin=\u00a0\u00bbmargin_bottom_grid\u00a0\u00bb][vc_empty_space]<div class=\"section_header subtitle_bottom   fancy text-left\">\n\n    <h2><img loading=\"lazy\" decoding=\"async\" class=\" wp-image-430 alignleft\" src=\"http:\/\/fromvps434795.ovh.net-riviera.w6a409ujgi-ypj68gle93l2.p.runcloud.link\/wp-content\/uploads\/2016\/10\/yinyanglogo_small.png\" alt=\"\" width=\"149\" height=\"149\" srcset=\"https:\/\/cabinet-dentaireriviera.ch\/wp-content\/uploads\/2016\/10\/yinyanglogo_small.png 300w, https:\/\/cabinet-dentaireriviera.ch\/wp-content\/uploads\/2016\/10\/yinyanglogo_small-150x150.png 150w\" sizes=\"auto, (max-width: 149px) 100vw, 149px\" \/>Notre cabinet vous\u00a0accueille<\/h2>\n\n\n        <p ><\/p>\n<\/div>[vc_empty_space][vc_column_text]Notre secr\u00e9tariat est ouvert tous les jours de 8H \u00e0 12H et de 13H30 \u00e0 17H00.<\/p>\n<p>HORAIRES DE CONSULTATION : (se r\u00e9f\u00e9rer \u00e0 la grille ci-jointe).<\/p>\n<p>Pour toute information sur les <strong>soins d&rsquo;hygi\u00e8ne<\/strong>, <strong>soins des caries au laser<\/strong>, <strong>proth\u00e8se<\/strong> et <strong>implantologie<\/strong>, <a href=\"http:\/\/fromvps434795.ovh.net-riviera.w6a409ujgi-ypj68gle93l2.p.runcloud.link\/index.php\/nos-soins\/\">consultez les rubriques<\/a>.[\/vc_column_text][vc_text_separator title=\u00a0\u00bb\u00e0 propos de nous\u00a0\u00bb title_align=\u00a0\u00bbseparator_align_left\u00a0\u00bb align=\u00a0\u00bbalign_right\u00a0\u00bb color=\u00a0\u00bbblack\u00a0\u00bb][vc_column_text]Le Cabinet Dentaire du Docteur Nicolas Fraysse n\u2019est pas une clinique dentaire. Notre vocation est d\u2019accompagner sur le long terme tous nos patients et de leur garantir un suivi assur\u00e9 par un seul praticien.<\/p>\n<p>Nous mettons \u00e0 votre disposition un plateau technique complet : radiologie et panoramique num\u00e9rique pour un bilan imm\u00e9diat, laser Erbium et Yag (soins des caries et des gencives) et deux salles de soins \u00e9quip\u00e9es par les derni\u00e8res technologies.<\/p>\n<p>Ainsi, l\u2019ensemble de ces technologies facilitent tous les soins qu&rsquo;ils soient conventionnels, esth\u00e9tiques, chirurgicaux ou parodontaux.<\/p>\n<p>Vous pourrez ainsi retrouver la sant\u00e9 buco-dentaire, le confort de votre mastication et l\u2019esth\u00e9tique de votre sourire.<\/p>\n<p><span class=\"\">Pour toute information sur les\u00a0<\/span><strong class=\"\">soins d\u2019hygi\u00e8ne<\/strong><span class=\"\">,\u00a0<\/span><strong class=\"\">soins des caries et des gencives au laser<\/strong><span class=\"\">,\u00a0<\/span><strong class=\"\">proth\u00e8se<\/strong><span class=\"\">\u00a0et\u00a0<\/span><strong class=\"\">implantologie<\/strong><span class=\"\">,\u00a0<\/span><a class=\"\" href=\"http:\/\/fromvps434795.ovh.net-riviera.w6a409ujgi-ypj68gle93l2.p.runcloud.link\/index.php\/nos-soins\/\">consultez les rubriques<\/a><span class=\"\">.<\/span>[\/vc_column_text][vc_column_text]<\/p>\n<p style=\"text-align: left;\"><i class=\"fa fa-user-md fa-4x\"><\/i>\u00a0DOCTEUR FRAYSSE<\/p>\n<ul>\n<li style=\"padding-left: 30px;\">M\u00e9decin dentiste<\/li>\n<li style=\"padding-left: 30px;\">Dipl\u00f4m\u00e9 du coll\u00e8ge fran\u00e7ais d\u2019implantologie orale et de chirurgie clinique<\/li>\n<li style=\"padding-left: 30px;\">Dipl\u00f4m\u00e9 du coll\u00e8ge fran\u00e7ais de parodontologie<\/li>\n<li style=\"padding-left: 30px;\">Certificat de capacit\u00e9 pour soins au laser<\/li>\n<\/ul>\n<p>[\/vc_column_text][\/vc_column][vc_column width=\u00a0\u00bb1\/3&Prime; align=\u00a0\u00bbtext-left\u00a0\u00bb css=\u00a0\u00bb.vc_custom_1500655807445{padding-left: 50px !important;}\u00a0\u00bb][vc_empty_space][vc_single_image image=\u00a0\u00bb986&Prime; img_size=\u00a0\u00bb500X400&Prime; alignment=\u00a0\u00bbright\u00a0\u00bb style=\u00a0\u00bbvc_box_shadow\u00a0\u00bb][vc_text_separator title=\u00a0\u00bbNos horaires\u00a0\u00bb title_align=\u00a0\u00bbseparator_align_left\u00a0\u00bb align=\u00a0\u00bbalign_right\u00a0\u00bb color=\u00a0\u00bbblack\u00a0\u00bb el_class=\u00a0\u00bbx_bold\u00a0\u00bb][vc_column_text]<\/p>\n<div class=\"timetable\">\n<table class=\"timetable_hours\">\n<tbody>\n<tr>\n<td>LUNDI<\/td>\n<td>08:00-17:30 (sur RDV seulement)<\/td>\n<\/tr>\n<tr>\n<td>MARDI<\/td>\n<td>08:00-20:00 (sur RDV seulement)<\/td>\n<\/tr>\n<tr>\n<td>MERCREDI<\/td>\n<td>08:00-16:00 (sur RDV seulement)<\/td>\n<\/tr>\n<tr>\n<td>JEUDI<\/td>\n<td>08:00-20:00 (sur RDV seulement)<\/td>\n<\/tr>\n<tr>\n<td>VENDREDI<\/td>\n<td>08:00-12:00 (sur RDV seulement)<\/td>\n<\/tr>\n<\/tbody>\n<\/table>\n<p>&nbsp;<\/p>\n<p><strong>Notre adresse : Rue de la Madeleine 37<\/strong><\/p>\n<p><strong>1800 Vevey<\/strong><\/p>\n<\/div>\n<p>[\/vc_column_text][vc_text_separator title=\u00a0\u00bbTEL: 021.921.27.83&Prime; title_align=\u00a0\u00bbseparator_align_left\u00a0\u00bb align=\u00a0\u00bbalign_right\u00a0\u00bb color=\u00a0\u00bbblack\u00a0\u00bb][vc_empty_space height=\u00a0\u00bb16px\u00a0\u00bb]<div class=\"plethora_button wpb_content_element   text-center btn_block\">\n    <a href=\"tel:+4129212783\" debug class=\" btn btn-success with-icon icon-left\" title=\"\"  target=\"_self\">\n\n         <i class=\"wmi icon-i-dental\"><\/i> \n        Rendez-vous par t\u00e9l\u00e9phone\n        \n\n    <\/a>\n<\/div>[vc_column_text]<i class=\"fa fa-flag-o\" aria-hidden=\"true\"><\/i><strong>\u00a0Langues parl\u00e9es<\/strong> :\u00a0Anglais,\u00a0Fran\u00e7ais<\/p>\n<p><i class=\"fa fa-credit-card\" aria-hidden=\"true\"><\/i><strong>\u00a0Facilit\u00e9s de paiements \u00e9chelonn\u00e9es<\/strong><\/p>\n<p><strong>Moyen d&rsquo;acc\u00e8s<\/strong> :<\/p>\n<p><i class=\"fa fa-wheelchair\" aria-hidden=\"true\"><\/i> Acc\u00e8s facilit\u00e9 aux personnes \u00e0 mobilit\u00e9 r\u00e9duite<br \/>\n<i class=\"fa fa-car\" aria-hidden=\"true\"><\/i> Parking public place du march\u00e9 &#8211;\u00a0Parking Manor<br \/>\n<i class=\"fa fa-bus\" aria-hidden=\"true\"><\/i> Bus ligne 201<br \/>\n<i class=\"fa fa-train\" aria-hidden=\"true\"><\/i> Gare CFF[\/vc_column_text][vc_text_separator title=\u00a0\u00bb\u00a0\u00bb title_align=\u00a0\u00bbseparator_align_left\u00a0\u00bb align=\u00a0\u00bbalign_right\u00a0\u00bb color=\u00a0\u00bbblack\u00a0\u00bb el_class=\u00a0\u00bbx_bold\u00a0\u00bb][vc_empty_space height=\u00a0\u00bb16px\u00a0\u00bb][\/vc_column][\/vc_row][vc_row disable_element=\u00a0\u00bbyes\u00a0\u00bb full_width=\u00a0\u00bb1&Prime; full_height=\u00a0\u00bb1&Prime; particles=\u00a0\u00bb0&Prime; css=\u00a0\u00bb.vc_custom_1557226160622{background-image: url(http:\/\/fromvps434795.ovh.net-riviera.w6a409ujgi-ypj68gle93l2.p.runcloud.link\/wp-content\/uploads\/2017\/12\/cabinet-dentaire-riviera.jpg?id=900) !important;background-position: center !important;background-repeat: no-repeat !important;background-size: contain !important;}\u00a0\u00bb el_id=\u00a0\u00bbhome_section_girl\u00a0\u00bb][vc_column][\/vc_column][\/vc_row][vc_row color_set=\u00a0\u00bbskincolored_section\u00a0\u00bb full_width=\u00a0\u00bb0&Prime; full_height=\u00a0\u00bb0&Prime; row_padding=\u00a0\u00bbno_padding\u00a0\u00bb sep_top=\u00a0\u00bbseparator_top sep_angled_negative_top\u00a0\u00bb particles=\u00a0\u00bb0&Prime;][vc_column][vc_empty_space][vc_single_image image=\u00a0\u00bb867&Prime; alignment=\u00a0\u00bbcenter\u00a0\u00bb]<div class=\"section_header subtitle_bottom   thin text-center\">\n\n    <h2 style=\"text-align: center;\"><em>Votre temps est aussi pr\u00e9cieux que le n\u00f4tre. Pour chaque rendez-vous agend\u00e9, nous vous garantissons une prise en charge ponctuelle et sans attente.<\/em><\/h2>\n\n\n        <p ><\/p>\n<\/div>[vc_empty_space][\/vc_column][\/vc_row]<\/p>\n<\/div>","protected":false},"excerpt":{"rendered":"<p>[vc_row color_set=\u00a0\u00bbdark_section\u00a0\u00bb full_width=\u00a0\u00bb0&Prime; full_height=\u00a0\u00bb0&Prime; cols_valign=\u00a0\u00bbvcenter\u00a0\u00bb particles=\u00a0\u00bb0&Prime; css=\u00a0\u00bb.vc_custom_1599934552917{padding-bottom: 260px !important;background-image: url(http:\/\/www.cabinet-dentaireriviera.ch\/wp-content\/uploads\/2019\/09\/DSCF4973.jpg?id=970) !important;}\u00a0\u00bb][vc_column][\/vc_column][\/vc_row][vc_row color_set=\u00a0\u00bbdark_section\u00a0\u00bb full_width=\u00a0\u00bb0&Prime; full_height=\u00a0\u00bb0&Prime; row_padding=\u00a0\u00bbno_padding\u00a0\u00bb cols_padding=\u00a0\u00bbno_cols_padding\u00a0\u00bb background=\u00a0\u00bbtransparent\u00a0\u00bb el_class=\u00a0\u00bbdisabled_folded_section\u00a0\u00bb css=\u00a0\u00bb.vc_custom_1569857671524{background-color: #091525 !important;}\u00a0\u00bb el_id=\u00a0\u00bbpush_me_to_consume\u00a0\u00bb][vc_column width=\u00a0\u00bb1\/5&Prime; color_set=\u00a0\u00bbskincolored_section\u00a0\u00bb background=\u00a0\u00bbtransparent\u00a0\u00bb offset=\u00a0\u00bbvc_col-xs-12&Prime; css=\u00a0\u00bb.vc_custom_1557392105922{background-color: #091525 !important;}\u00a0\u00bb el_id=\u00a0\u00bblaser\u00a0\u00bb][\/vc_column][vc_column width=\u00a0\u00bb1\/5&Prime;][\/vc_column][vc_column width=\u00a0\u00bb1\/5&Prime;][\/vc_column][vc_column width=\u00a0\u00bb1\/5&Prime;][\/vc_column][vc_column width=\u00a0\u00bb1\/5&Prime;][\/vc_column][\/vc_row][vc_row full_width=\u00a0\u00bb0&Prime; full_height=\u00a0\u00bb0&Prime; row_padding=\u00a0\u00bbno_padding\u00a0\u00bb particles=\u00a0\u00bb0&Prime;][vc_column width=\u00a0\u00bb2\/3&Prime; heading_align=\u00a0\u00bbtext-center\u00a0\u00bb align=\u00a0\u00bbtext-left\u00a0\u00bb margin=\u00a0\u00bbmargin_bottom_grid\u00a0\u00bb][vc_empty_space][vc_empty_space][vc_column_text]Notre secr\u00e9tariat est ouvert tous les jours de 8H \u00e0 12H et de 13H30 [&hellip;]<\/p>\n","protected":false},"author":1,"featured_media":0,"parent":0,"menu_order":0,"comment_status":"closed","ping_status":"closed","template":"","meta":{"footnotes":""},"class_list":["post-320","page","type-page","status-publish","hentry"],"_links":{"self":[{"href":"https:\/\/cabinet-dentaireriviera.ch\/index.php\/wp-json\/wp\/v2\/pages\/320","targetHints":{"allow":["GET"]}}],"collection":[{"href":"https:\/\/cabinet-dentaireriviera.ch\/index.php\/wp-json\/wp\/v2\/pages"}],"about":[{"href":"https:\/\/cabinet-dentaireriviera.ch\/index.php\/wp-json\/wp\/v2\/types\/page"}],"author":[{"embeddable":true,"href":"https:\/\/cabinet-dentaireriviera.ch\/index.php\/wp-json\/wp\/v2\/users\/1"}],"replies":[{"embeddable":true,"href":"https:\/\/cabinet-dentaireriviera.ch\/index.php\/wp-json\/wp\/v2\/comments?post=320"}],"version-history":[{"count":18,"href":"https:\/\/cabinet-dentaireriviera.ch\/index.php\/wp-json\/wp\/v2\/pages\/320\/revisions"}],"predecessor-version":[{"id":1282,"href":"https:\/\/cabinet-dentaireriviera.ch\/index.php\/wp-json\/wp\/v2\/pages\/320\/revisions\/1282"}],"wp:attachment":[{"href":"https:\/\/cabinet-dentaireriviera.ch\/index.php\/wp-json\/wp\/v2\/media?parent=320"}],"curies":[{"name":"wp","href":"https:\/\/api.w.org\/{rel}","templated":true}]}}